{"id":2027,"date":"2025-06-04T23:22:42","date_gmt":"2025-06-05T04:22:42","guid":{"rendered":"https:\/\/jbforilgovnstg.wpenginepowered.com\/latest\/accomplishment\/luchando-por-la-oportunidad-y-la-justicia\/"},"modified":"2025-08-15T15:18:16","modified_gmt":"2025-08-15T20:18:16","slug":"luchando-por-la-oportunidad-y-la-justicia","status":"publish","type":"accomplishment","link":"https:\/\/jbpritzker.com\/es\/latest\/accomplishment\/luchando-por-la-oportunidad-y-la-justicia\/","title":{"rendered":"Luchando por la oportunidad y la justicia"},"content":{"rendered":"<h1 class=\"wp-block-heading\">Luchando por la <em>oportunidad<\/em> y la justicia<\/h1>\n\n{post_excerpt}\n\n<figure class=\"wp-block-image size-full\"><img loading=\"lazy\" decoding=\"async\" width=\"1298\" height=\"904\" src=\"https:\/\/jbpritzker.com\/wp-content\/uploads\/2025\/06\/JB_Collage_UPDATED_V2__0004_acc12.png\" alt class=\"wp-image-1304\" srcset=\"https:\/\/jbpritzker.com\/wp-content\/uploads\/2025\/06\/JB_Collage_UPDATED_V2__0004_acc12.png 1298w, https:\/\/jbpritzker.com\/wp-content\/uploads\/2025\/06\/JB_Collage_UPDATED_V2__0004_acc12-300x209.png 300w, https:\/\/jbpritzker.com\/wp-content\/uploads\/2025\/06\/JB_Collage_UPDATED_V2__0004_acc12-1024x713.png 1024w, https:\/\/jbpritzker.com\/wp-content\/uploads\/2025\/06\/JB_Collage_UPDATED_V2__0004_acc12-768x535.png 768w\" sizes=\"auto, (max-width: 1298px) 100vw, 1298px\" \/><\/figure>\n\nDerechos de voto ampliados para garantizar que se cuente cada voto y se escuche la voz de todos\n\nSe mejoraron los puntajes de las pruebas entre estudiantes de escuelas primarias y secundarias de bajos ingresos y se logr\u00f3 la tasa de graduaci\u00f3n m\u00e1s alta de escuela secundaria en 14 a\u00f1os.\n\nSe eliminaron los antecedentes penales relacionados con arrestos por cannabis de 780,000 habitantes de Illinois para reducir las barreras de acceso al empleo, la vivienda y las licencias profesionales\n\n<figure class=\"wp-block-image size-full\"><img loading=\"lazy\" decoding=\"async\" width=\"2560\" height=\"1044\" src=\"https:\/\/jbpritzker.com\/wp-content\/uploads\/2025\/06\/Photo-Jan-15-3-30-24-PM-1479-scaled.webp\" alt class=\"wp-image-1406\" srcset=\"https:\/\/jbpritzker.com\/wp-content\/uploads\/2025\/06\/Photo-Jan-15-3-30-24-PM-1479-scaled.webp 2560w, https:\/\/jbpritzker.com\/wp-content\/uploads\/2025\/06\/Photo-Jan-15-3-30-24-PM-1479-300x122.webp 300w, https:\/\/jbpritzker.com\/wp-content\/uploads\/2025\/06\/Photo-Jan-15-3-30-24-PM-1479-1024x417.webp 1024w, https:\/\/jbpritzker.com\/wp-content\/uploads\/2025\/06\/Photo-Jan-15-3-30-24-PM-1479-768x313.webp 768w, https:\/\/jbpritzker.com\/wp-content\/uploads\/2025\/06\/Photo-Jan-15-3-30-24-PM-1479-1536x626.webp 1536w, https:\/\/jbpritzker.com\/wp-content\/uploads\/2025\/06\/Photo-Jan-15-3-30-24-PM-1479-2048x835.webp 2048w\" sizes=\"auto, (max-width: 2560px) 100vw, 2560px\" \/><\/figure>\n\nExpandi\u00f3 la atenci\u00f3n m\u00e9dica y las protecciones para la igualdad matrimonial, y trabaj\u00f3 para eliminar el VIH\/SIDA en Illinois\n\nDestin\u00f3 cientos de millones de d\u00f3lares en ingresos provenientes del cannabis a comunidades hist\u00f3ricamente afectadas por la violencia, el encarcelamiento excesivo y la desinversi\u00f3n econ\u00f3mica\n\nPromulg\u00f3 la agenda hist\u00f3rica de reforma impulsada por el Caucus Legislativo Negro de Illinois para abordar la educaci\u00f3n, la justicia penal, la econom\u00eda y la atenci\u00f3n m\u00e9dica\n\n<figure class=\"wp-block-image size-large\"><a ><img decoding=\"async\" src=\"https:\/\/jbpritzker.com\/wp-content\/uploads\/2025\/08\/ACC-12-es-min.png\" alt class=\"wp-image-2191\"><\/a><\/figure>\n\n<h3 class=\"wp-block-heading\">Comparte con tu&nbsp;red<\/h3>\n\n<div class=\"wp-block-buttons is-layout-flex wp-block-buttons-is-layout-flex\"><div class=\"wp-block-button\"><a class=\"wp-block-button__link\">Descargar Gr\u00e1fico<\/a><\/div><\/div>\n\n<figure class=\"wp-block-image size-large\"><img loading=\"lazy\" decoding=\"async\" width=\"1024\" height=\"418\" src=\"https:\/\/jbpritzker.com\/wp-content\/uploads\/2025\/06\/jb-hl-Asset-46-1024x418.png\" alt class=\"wp-image-914\" srcset=\"https:\/\/jbpritzker.com\/wp-content\/uploads\/2025\/06\/jb-hl-Asset-46-1024x418.png 1024w, https:\/\/jbpritzker.com\/wp-content\/uploads\/2025\/06\/jb-hl-Asset-46-300x122.png 300w, https:\/\/jbpritzker.com\/wp-content\/uploads\/2025\/06\/jb-hl-Asset-46-768x313.png 768w, https:\/\/jbpritzker.com\/wp-content\/uploads\/2025\/06\/jb-hl-Asset-46.png 1125w\" sizes=\"auto, (max-width: 1024px) 100vw, 1024px\" \/><\/figure>\n\n<h3 class=\"wp-block-heading\">Derecho al voto<\/h3>\n\n<h3 class=\"wp-block-heading\">Mejores escuelas<\/h3>\n\n<h3 class=\"wp-block-heading\">Nueva oportunidad<\/h3>\n\n<h3 class=\"wp-block-heading\">Derechos de LGBTQ+<\/h3>\n\n<h3 class=\"wp-block-heading\">Inversiones comunitarias<\/h3>\n\n<h3 class=\"wp-block-heading\">Justicia<\/h3>","protected":false},"excerpt":{"rendered":"<p>Desde la ampliaci\u00f3n del derecho al voto hasta inversiones hist\u00f3ricas en comunidades marginadas, JB ha hecho de la lucha por la justicia econ\u00f3mica y social una prioridad.<\/p>\n","protected":false},"featured_media":1889,"template":"","meta":{"_acf_changed":false},"class_list":["post-2027","accomplishment","type-accomplishment","status-publish","has-post-thumbnail","hentry"],"acf":[],"yoast_head":"<!-- This site is optimized with the Yoast SEO plugin v26.5 - https:\/\/yoast.com\/wordpress\/plugins\/seo\/ -->\n<title>Luchando por la oportunidad y la justicia - JB for Governor<\/title>\n<meta name=\"robots\" content=\"index, follow, max-snippet:-1, max-image-preview:large, max-video-preview:-1\" \/>\n<link rel=\"canonical\" href=\"https:\/\/jbpritzker.com\/es\/latest\/accomplishment\/luchando-por-la-oportunidad-y-la-justicia\/\" \/>\n<meta property=\"og:locale\" content=\"es_ES\" \/>\n<meta property=\"og:type\" content=\"article\" \/>\n<meta property=\"og:title\" content=\"Luchando por la oportunidad y la justicia - JB for Governor\" \/>\n<meta property=\"og:description\" content=\"Desde la ampliaci\u00f3n del derecho al voto hasta inversiones hist\u00f3ricas en comunidades marginadas, JB ha hecho de la lucha por la justicia econ\u00f3mica y social una prioridad.\" \/>\n<meta property=\"og:url\" content=\"https:\/\/jbpritzker.com\/es\/latest\/accomplishment\/luchando-por-la-oportunidad-y-la-justicia\/\" \/>\n<meta property=\"og:site_name\" content=\"JB for Governor\" \/>\n<meta property=\"article:publisher\" content=\"https:\/\/www.facebook.com\/jbpritzker\" \/>\n<meta property=\"article:modified_time\" content=\"2025-08-15T20:18:16+00:00\" \/>\n<meta property=\"og:image\" content=\"https:\/\/jbpritzker.com\/wp-content\/uploads\/2025\/06\/Photo-Jan-15-3-30-24-PM-1208.webp\" \/>\n\t<meta property=\"og:image:width\" content=\"1208\" \/>\n\t<meta property=\"og:image:height\" content=\"967\" \/>\n\t<meta property=\"og:image:type\" content=\"image\/webp\" \/>\n<meta name=\"twitter:card\" content=\"summary_large_image\" \/>\n<meta name=\"twitter:site\" content=\"@jbpritzker\" \/>\n<script type=\"application\/ld+json\" class=\"yoast-schema-graph\">{\"@context\":\"https:\/\/schema.org\",\"@graph\":[{\"@type\":\"WebPage\",\"@id\":\"https:\/\/jbpritzker.com\/es\/latest\/accomplishment\/luchando-por-la-oportunidad-y-la-justicia\/\",\"url\":\"https:\/\/jbpritzker.com\/es\/latest\/accomplishment\/luchando-por-la-oportunidad-y-la-justicia\/\",\"name\":\"Luchando por la oportunidad y la justicia - JB for Governor\",\"isPartOf\":{\"@id\":\"https:\/\/jbpritzker.com\/es\/#website\"},\"primaryImageOfPage\":{\"@id\":\"https:\/\/jbpritzker.com\/es\/latest\/accomplishment\/luchando-por-la-oportunidad-y-la-justicia\/#primaryimage\"},\"image\":{\"@id\":\"https:\/\/jbpritzker.com\/es\/latest\/accomplishment\/luchando-por-la-oportunidad-y-la-justicia\/#primaryimage\"},\"thumbnailUrl\":\"https:\/\/jbpritzker.com\/wp-content\/uploads\/2025\/06\/Photo-Jan-15-3-30-24-PM-1208.webp\",\"datePublished\":\"2025-06-05T04:22:42+00:00\",\"dateModified\":\"2025-08-15T20:18:16+00:00\",\"breadcrumb\":{\"@id\":\"https:\/\/jbpritzker.com\/es\/latest\/accomplishment\/luchando-por-la-oportunidad-y-la-justicia\/#breadcrumb\"},\"inLanguage\":\"es\",\"potentialAction\":[{\"@type\":\"ReadAction\",\"target\":[\"https:\/\/jbpritzker.com\/es\/latest\/accomplishment\/luchando-por-la-oportunidad-y-la-justicia\/\"]}]},{\"@type\":\"ImageObject\",\"inLanguage\":\"es\",\"@id\":\"https:\/\/jbpritzker.com\/es\/latest\/accomplishment\/luchando-por-la-oportunidad-y-la-justicia\/#primaryimage\",\"url\":\"https:\/\/jbpritzker.com\/wp-content\/uploads\/2025\/06\/Photo-Jan-15-3-30-24-PM-1208.webp\",\"contentUrl\":\"https:\/\/jbpritzker.com\/wp-content\/uploads\/2025\/06\/Photo-Jan-15-3-30-24-PM-1208.webp\",\"width\":1208,\"height\":967},{\"@type\":\"BreadcrumbList\",\"@id\":\"https:\/\/jbpritzker.com\/es\/latest\/accomplishment\/luchando-por-la-oportunidad-y-la-justicia\/#breadcrumb\",\"itemListElement\":[{\"@type\":\"ListItem\",\"position\":1,\"name\":\"Home\",\"item\":\"https:\/\/jbpritzker.com\/es\/\"},{\"@type\":\"ListItem\",\"position\":2,\"name\":\"Luchando por la oportunidad y la justicia\"}]},{\"@type\":\"WebSite\",\"@id\":\"https:\/\/jbpritzker.com\/es\/#website\",\"url\":\"https:\/\/jbpritzker.com\/es\/\",\"name\":\"JB for Governor\",\"description\":\"Official Campaign Website of Illinois Governor JB Pritzker\",\"publisher\":{\"@id\":\"https:\/\/jbpritzker.com\/es\/#organization\"},\"alternateName\":\"JB Pritzker for Governor\",\"potentialAction\":[{\"@type\":\"SearchAction\",\"target\":{\"@type\":\"EntryPoint\",\"urlTemplate\":\"https:\/\/jbpritzker.com\/es\/?s={search_term_string}\"},\"query-input\":{\"@type\":\"PropertyValueSpecification\",\"valueRequired\":true,\"valueName\":\"search_term_string\"}}],\"inLanguage\":\"es\"},{\"@type\":\"Organization\",\"@id\":\"https:\/\/jbpritzker.com\/es\/#organization\",\"name\":\"JB for Governor\",\"url\":\"https:\/\/jbpritzker.com\/es\/\",\"logo\":{\"@type\":\"ImageObject\",\"inLanguage\":\"es\",\"@id\":\"https:\/\/jbpritzker.com\/es\/#\/schema\/logo\/image\/\",\"url\":\"https:\/\/jbpritzker.com\/wp-content\/uploads\/2025\/06\/jbpg-google-site-logo.png\",\"contentUrl\":\"https:\/\/jbpritzker.com\/wp-content\/uploads\/2025\/06\/jbpg-google-site-logo.png\",\"width\":512,\"height\":512,\"caption\":\"JB for Governor\"},\"image\":{\"@id\":\"https:\/\/jbpritzker.com\/es\/#\/schema\/logo\/image\/\"},\"sameAs\":[\"https:\/\/www.facebook.com\/jbpritzker\",\"https:\/\/x.com\/jbpritzker\",\"https:\/\/www.instagram.com\/jbpritzker\",\"https:\/\/www.youtube.com\/@jbpritzker\",\"https:\/\/www.threads.net\/@jbpritzker\",\"https:\/\/bsky.app\/profile\/jbpritzker.bsky.social\",\"https:\/\/www.tiktok.com\/@teamjb_hq\"]}]}<\/script>\n<!-- \/ Yoast SEO plugin. -->","yoast_head_json":{"title":"Luchando por la oportunidad y la justicia - JB for Governor","robots":{"index":"index","follow":"follow","max-snippet":"max-snippet:-1","max-image-preview":"max-image-preview:large","max-video-preview":"max-video-preview:-1"},"canonical":"https:\/\/jbpritzker.com\/es\/latest\/accomplishment\/luchando-por-la-oportunidad-y-la-justicia\/","og_locale":"es_ES","og_type":"article","og_title":"Luchando por la oportunidad y la justicia - JB for Governor","og_description":"Desde la ampliaci\u00f3n del derecho al voto hasta inversiones hist\u00f3ricas en comunidades marginadas, JB ha hecho de la lucha por la justicia econ\u00f3mica y social una prioridad.","og_url":"https:\/\/jbpritzker.com\/es\/latest\/accomplishment\/luchando-por-la-oportunidad-y-la-justicia\/","og_site_name":"JB for Governor","article_publisher":"https:\/\/www.facebook.com\/jbpritzker","article_modified_time":"2025-08-15T20:18:16+00:00","og_image":[{"width":1208,"height":967,"url":"https:\/\/jbpritzker.com\/wp-content\/uploads\/2025\/06\/Photo-Jan-15-3-30-24-PM-1208.webp","type":"image\/webp"}],"twitter_card":"summary_large_image","twitter_site":"@jbpritzker","schema":{"@context":"https:\/\/schema.org","@graph":[{"@type":"WebPage","@id":"https:\/\/jbpritzker.com\/es\/latest\/accomplishment\/luchando-por-la-oportunidad-y-la-justicia\/","url":"https:\/\/jbpritzker.com\/es\/latest\/accomplishment\/luchando-por-la-oportunidad-y-la-justicia\/","name":"Luchando por la oportunidad y la justicia - JB for Governor","isPartOf":{"@id":"https:\/\/jbpritzker.com\/es\/#website"},"primaryImageOfPage":{"@id":"https:\/\/jbpritzker.com\/es\/latest\/accomplishment\/luchando-por-la-oportunidad-y-la-justicia\/#primaryimage"},"image":{"@id":"https:\/\/jbpritzker.com\/es\/latest\/accomplishment\/luchando-por-la-oportunidad-y-la-justicia\/#primaryimage"},"thumbnailUrl":"https:\/\/jbpritzker.com\/wp-content\/uploads\/2025\/06\/Photo-Jan-15-3-30-24-PM-1208.webp","datePublished":"2025-06-05T04:22:42+00:00","dateModified":"2025-08-15T20:18:16+00:00","breadcrumb":{"@id":"https:\/\/jbpritzker.com\/es\/latest\/accomplishment\/luchando-por-la-oportunidad-y-la-justicia\/#breadcrumb"},"inLanguage":"es","potentialAction":[{"@type":"ReadAction","target":["https:\/\/jbpritzker.com\/es\/latest\/accomplishment\/luchando-por-la-oportunidad-y-la-justicia\/"]}]},{"@type":"ImageObject","inLanguage":"es","@id":"https:\/\/jbpritzker.com\/es\/latest\/accomplishment\/luchando-por-la-oportunidad-y-la-justicia\/#primaryimage","url":"https:\/\/jbpritzker.com\/wp-content\/uploads\/2025\/06\/Photo-Jan-15-3-30-24-PM-1208.webp","contentUrl":"https:\/\/jbpritzker.com\/wp-content\/uploads\/2025\/06\/Photo-Jan-15-3-30-24-PM-1208.webp","width":1208,"height":967},{"@type":"BreadcrumbList","@id":"https:\/\/jbpritzker.com\/es\/latest\/accomplishment\/luchando-por-la-oportunidad-y-la-justicia\/#breadcrumb","itemListElement":[{"@type":"ListItem","position":1,"name":"Home","item":"https:\/\/jbpritzker.com\/es\/"},{"@type":"ListItem","position":2,"name":"Luchando por la oportunidad y la justicia"}]},{"@type":"WebSite","@id":"https:\/\/jbpritzker.com\/es\/#website","url":"https:\/\/jbpritzker.com\/es\/","name":"JB for Governor","description":"Official Campaign Website of Illinois Governor JB Pritzker","publisher":{"@id":"https:\/\/jbpritzker.com\/es\/#organization"},"alternateName":"JB Pritzker for Governor","potentialAction":[{"@type":"SearchAction","target":{"@type":"EntryPoint","urlTemplate":"https:\/\/jbpritzker.com\/es\/?s={search_term_string}"},"query-input":{"@type":"PropertyValueSpecification","valueRequired":true,"valueName":"search_term_string"}}],"inLanguage":"es"},{"@type":"Organization","@id":"https:\/\/jbpritzker.com\/es\/#organization","name":"JB for Governor","url":"https:\/\/jbpritzker.com\/es\/","logo":{"@type":"ImageObject","inLanguage":"es","@id":"https:\/\/jbpritzker.com\/es\/#\/schema\/logo\/image\/","url":"https:\/\/jbpritzker.com\/wp-content\/uploads\/2025\/06\/jbpg-google-site-logo.png","contentUrl":"https:\/\/jbpritzker.com\/wp-content\/uploads\/2025\/06\/jbpg-google-site-logo.png","width":512,"height":512,"caption":"JB for Governor"},"image":{"@id":"https:\/\/jbpritzker.com\/es\/#\/schema\/logo\/image\/"},"sameAs":["https:\/\/www.facebook.com\/jbpritzker","https:\/\/x.com\/jbpritzker","https:\/\/www.instagram.com\/jbpritzker","https:\/\/www.youtube.com\/@jbpritzker","https:\/\/www.threads.net\/@jbpritzker","https:\/\/bsky.app\/profile\/jbpritzker.bsky.social","https:\/\/www.tiktok.com\/@teamjb_hq"]}]}},"_links":{"self":[{"href":"https:\/\/jbpritzker.com\/es\/wp-json\/wp\/v2\/accomplishment\/2027","targetHints":{"allow":["GET"]}}],"collection":[{"href":"https:\/\/jbpritzker.com\/es\/wp-json\/wp\/v2\/accomplishment"}],"about":[{"href":"https:\/\/jbpritzker.com\/es\/wp-json\/wp\/v2\/types\/accomplishment"}],"version-history":[{"count":0,"href":"https:\/\/jbpritzker.com\/es\/wp-json\/wp\/v2\/accomplishment\/2027\/revisions"}],"wp:featuredmedia":[{"embeddable":true,"href":"https:\/\/jbpritzker.com\/es\/wp-json\/wp\/v2\/media\/1889"}],"wp:attachment":[{"href":"https:\/\/jbpritzker.com\/es\/wp-json\/wp\/v2\/media?parent=2027"}],"curies":[{"name":"wp","href":"https:\/\/api.w.org\/{rel}","templated":true}]}}